{"id":1444,"date":"2021-07-12T20:17:06","date_gmt":"2021-07-12T19:17:06","guid":{"rendered":"https:\/\/www.proxi-sante.org\/molsheim\/?page_id=1444"},"modified":"2021-07-13T07:01:31","modified_gmt":"2021-07-13T06:01:31","slug":"utams","status":"publish","type":"page","link":"https:\/\/www.proxi-sante.org\/molsheim\/utams\/","title":{"rendered":"L&rsquo;UTAMS"},"content":{"rendered":"<p>[et_pb_section fb_built=\u00a0\u00bb1&Prime; _builder_version=\u00a0\u00bb3.22&Prime;][et_pb_row _builder_version=\u00a0\u00bb3.25&Prime; background_size=\u00a0\u00bbinitial\u00a0\u00bb background_position=\u00a0\u00bbtop_left\u00a0\u00bb background_repeat=\u00a0\u00bbrepeat\u00a0\u00bb][et_pb_column type=\u00a0\u00bb4_4&Prime; _builder_version=\u00a0\u00bb3.25&Prime; custom_padding=\u00a0\u00bb|||\u00a0\u00bb custom_padding__hover=\u00a0\u00bb|||\u00a0\u00bb][et_pb_text _builder_version=\u00a0\u00bb4.9.7&Prime; background_size=\u00a0\u00bbinitial\u00a0\u00bb background_position=\u00a0\u00bbtop_left\u00a0\u00bb background_repeat=\u00a0\u00bbrepeat\u00a0\u00bb]<\/p>\n<h1><span style=\"color: #0000ff;\"><strong>Lieu d\u2019accueil et d\u2019information &#8211; UTAMS<\/strong><\/span><\/h1>\n<p>dans le domaine g\u00e9rontologique (anciennement ESPAS) et du handicap est une structure de proximit\u00e9, d\u2019information et d\u2019orientation unique et gratuite pour les s\u00e9niors ou personnes en \u00e9tat de handicap, leur entourage et les professionnels de la sant\u00e9. Il informe, oriente les personnes vers les aides et services dont elles ont besoin.<span class=\"Apple-converted-space\">\u00a0 <\/span>Au service des aidants familiaux et de tous les professionnels intervenant dans le domaine<span class=\"Apple-converted-space\">\u00a0 <\/span>g\u00e9rontologique, le guichet organise des r\u00e9unions d\u2019information, favorise les \u00e9changes et le partage des exp\u00e9riences. Il propose des cycles de formations aux aidants familiaux. Il mobilise et coordonne les intervenants afin de proposer aux personnes des solutions adapt\u00e9es \u00e0 leurs besoins en fonction de la situation sp\u00e9cifique de chaque personne.<span class=\"Apple-converted-space\">\u00a0<\/span><\/p>\n<blockquote>\n<p><b>Le plus proche<\/b> : <b>UTAMS Lieu d\u2019accueil et\u00a0<\/b><b>d\u2019information \u00e0 MOLSHEIM<\/b><br \/><span class=\"Apple-converted-space\">\u00a0\u00a0 \u00a0 <\/span>16b rue Gaston Romazzotti &#8211; 67120 Molsheim<br \/><span class=\"Apple-converted-space\">\u00a0 \u00a0 \u00a0<\/span>T\u00e9l. : 03 68 33 87 44<\/p>\n<\/blockquote>\n<p><b>A savoir <\/b>: les secr\u00e9taire m\u00e9dico-sociales des centres m\u00e9dico-sociaux (CMS) assurent la premi\u00e8re information.<span class=\"Apple-converted-space\">\u00a0<\/span><\/p>\n<p>[\/et_pb_text][\/et_pb_column][\/et_pb_row][\/et_pb_section]<\/p>\n","protected":false},"excerpt":{"rendered":"<p>Lieu d\u2019accueil et d\u2019information &#8211; UTAMS dans le domaine g\u00e9rontologique (anciennement ESPAS) et du handicap est une structure de proximit\u00e9, d\u2019information et d\u2019orientation unique et gratuite pour les s\u00e9niors ou personnes en \u00e9tat de handicap, leur entourage et les professionnels de la sant\u00e9. Il informe, oriente les personnes vers les aides et services dont elles [&hellip;]<\/p>\n","protected":false},"author":1,"featured_media":0,"parent":0,"menu_order":0,"comment_status":"closed","ping_status":"closed","template":"","meta":{"_et_pb_use_builder":"on","_et_pb_old_content":"<p><strong>Lieu d\u2019accueil et d\u2019information - UTAMS<\/strong><\/p><p>dans le domaine g\u00e9rontologique (anciennement ESPAS) et du handicap est une structure de proximit\u00e9, d\u2019information et d\u2019orientation unique et gratuite pour les s\u00e9niors ou personnes en \u00e9tat de handicap, leur entourage et les professionnels de la sant\u00e9. Il informe, oriente les personnes vers les aides et services dont elles ont besoin.<span class=\"Apple-converted-space\">\u00a0 <\/span>Au service des aidants familiaux et de tous les professionnels intervenant dans le domaine<span class=\"Apple-converted-space\">\u00a0 <\/span>g\u00e9rontologique, le guichet organise des r\u00e9unions d\u2019information, favorise les \u00e9changes et le partage des exp\u00e9riences. Il propose des cycles de formations aux aidants familiaux. Il mobilise et coordonne les intervenants afin de proposer aux personnes des solutions adapt\u00e9es \u00e0 leurs besoins en fonction de la situation sp\u00e9cifique de chaque personne.<span class=\"Apple-converted-space\">\u00a0<\/span><\/p><p>\u2211 <b>Le plus proche<\/b> : <b>UTAMS Lieu d\u2019accueil et<span class=\"Apple-converted-space\">\u00a0<\/span><\/b><\/p><p><b><span class=\"Apple-converted-space\">\u00a0 \u00a0 \u00a0 <\/span>d\u2019information \u00e0 MOLSHEIM<\/b><br \/><span class=\"Apple-converted-space\">\u00a0\u00a0 \u00a0 <\/span>16b rue Gaston Romazzotti - 67120 Molsheim <span class=\"Apple-converted-space\">\u00a0<\/span><\/p><p><span class=\"Apple-converted-space\">\u00a0\u00a0 \u00a0 <\/span>a 03 68 33 87 44<\/p><p><b>A savoir <\/b>: les secr\u00e9taire m\u00e9dico-sociales des centres m\u00e9dico-sociaux (CMS) assurent la premi\u00e8re information.<span class=\"Apple-converted-space\">\u00a0<\/span><\/p>","_et_gb_content_width":"","footnotes":""},"class_list":["post-1444","page","type-page","status-publish","hentry"],"_links":{"self":[{"href":"https:\/\/www.proxi-sante.org\/molsheim\/wp-json\/wp\/v2\/pages\/1444","targetHints":{"allow":["GET"]}}],"collection":[{"href":"https:\/\/www.proxi-sante.org\/molsheim\/wp-json\/wp\/v2\/pages"}],"about":[{"href":"https:\/\/www.proxi-sante.org\/molsheim\/wp-json\/wp\/v2\/types\/page"}],"author":[{"embeddable":true,"href":"https:\/\/www.proxi-sante.org\/molsheim\/wp-json\/wp\/v2\/users\/1"}],"replies":[{"embeddable":true,"href":"https:\/\/www.proxi-sante.org\/molsheim\/wp-json\/wp\/v2\/comments?post=1444"}],"version-history":[{"count":0,"href":"https:\/\/www.proxi-sante.org\/molsheim\/wp-json\/wp\/v2\/pages\/1444\/revisions"}],"wp:attachment":[{"href":"https:\/\/www.proxi-sante.org\/molsheim\/wp-json\/wp\/v2\/media?parent=1444"}],"curies":[{"name":"wp","href":"https:\/\/api.w.org\/{rel}","templated":true}]}}