{"id":390,"date":"2011-02-08T16:59:56","date_gmt":"2011-02-08T16:59:56","guid":{"rendered":"https:\/\/www.proxi-sante.org\/wass\/"},"modified":"2021-07-13T15:32:55","modified_gmt":"2021-07-13T14:32:55","slug":"en-fin-de-vie","status":"publish","type":"page","link":"https:\/\/www.proxi-sante.org\/molsheim\/aides-protection\/en-fin-de-vie\/","title":{"rendered":"&#8230;en fin de vie."},"content":{"rendered":"<h1>Contre la maltraitance<\/h1>\n<h2><b>Association ALMA<span class=\"Apple-converted-space\">\u00a0 <\/span>68-67<\/b><\/h2>\n<p>Contre la maltraitance des s\u00e9niors ou de personnes en \u00e9tat de handicap.<\/p>\n<p>Contact : 03 89 43 40 80<br \/>\nPermanences t\u00e9l\u00e9phoniques :\u00a0Mardi de 17h \u00e0 19h et Vendredi de 9h \u00e0 12h<br \/>\nEn dehors de ce cr\u00e9neau, laissez un message en toute confidentialit\u00e9.<\/p>\n<p>Num\u00e9ro national <b>au <\/b>3977<b>\u00a0\u00a0<\/b><b>qui relaiera localement<\/b> <span class=\"Apple-converted-space\">\u00a0 \u00a0 <\/span><\/p>\n<p><a href=\"http:\/\/www.jalmalv-strasbourg.fr\"><b>www.jalmalv-strasbourg.fr<\/b><b><span class=\"Apple-converted-space\">\u00a0<\/span><\/b><\/a><\/p>\n<p>&nbsp;<\/p>\n<h2>Des associations \u00e0 l&rsquo;\u00e9coute des personnes en situation de deuil<\/h2>\n<h2>Association Jalmalv<\/h2>\n<p>Jusqu\u2019\u00e0 la mort accompagner la vie. Groupe de parole et d\u2019entraide de personnes en situation de deuil. Ce groupe se r\u00e9unit sur une dur\u00e9e d\u2019un an \u00e0 raison d\u2019une r\u00e9union par mois. Elle a lieu en 2011 \u00e0 Wangen au Freihof. Vous pouvez cependant trouver une oreille en individuel, puis rejoindre si besoin un groupe l\u2019ann\u00e9e suivante.<\/p>\n<p>Contact : urgence \u2706\u00a003 88 23 11 82<br \/>\n<a href=\"http:\/\/www.jalmalv-strasbourg.fr\">www.jalmalv-strasbourg.fr<\/a><\/p>\n<h2>Association Pierre Cl\u00e9ment<\/h2>\n<p>L\u2019association Pierre Cl\u00e9ment forme des b\u00e9n\u00e9voles \u00e0 l\u2019accompagnement de personnes en fin de vie pour le domicile et en institution. Ils proposent d\u2019orienter, de soutenir les proches de ces personnes et de r\u00e9pondre \u00e0 leurs questions.<br \/>\nLes b\u00e9n\u00e9voles accompagnent les enfants, les adolescents et les adultes en deuil.<\/p>\n<p>Contact\u00a0 \u2706 03 88 35 18 81<br \/>\n<a href=\"http:\/\/www.association-pierre-clement.fr\">www.association-pierre-clement.fr<\/a><\/p>\n","protected":false},"excerpt":{"rendered":"<p>Contre la maltraitance Association ALMA\u00a0 68-67 Contre la maltraitance des s\u00e9niors ou de personnes en \u00e9tat de handicap. Contact : 03 89 43 40 80 Permanences t\u00e9l\u00e9phoniques :\u00a0Mardi de 17h \u00e0 19h et Vendredi de 9h \u00e0 12h En dehors de ce cr\u00e9neau, laissez un message en toute confidentialit\u00e9. Num\u00e9ro national au 3977\u00a0\u00a0qui relaiera localement [&hellip;]<\/p>\n","protected":false},"author":1,"featured_media":0,"parent":19,"menu_order":75,"comment_status":"open","ping_status":"closed","template":"","meta":{"_et_pb_use_builder":"","_et_pb_old_content":"","_et_gb_content_width":"","footnotes":""},"class_list":["post-390","page","type-page","status-publish","hentry"],"_links":{"self":[{"href":"https:\/\/www.proxi-sante.org\/molsheim\/wp-json\/wp\/v2\/pages\/390","targetHints":{"allow":["GET"]}}],"collection":[{"href":"https:\/\/www.proxi-sante.org\/molsheim\/wp-json\/wp\/v2\/pages"}],"about":[{"href":"https:\/\/www.proxi-sante.org\/molsheim\/wp-json\/wp\/v2\/types\/page"}],"author":[{"embeddable":true,"href":"https:\/\/www.proxi-sante.org\/molsheim\/wp-json\/wp\/v2\/users\/1"}],"replies":[{"embeddable":true,"href":"https:\/\/www.proxi-sante.org\/molsheim\/wp-json\/wp\/v2\/comments?post=390"}],"version-history":[{"count":0,"href":"https:\/\/www.proxi-sante.org\/molsheim\/wp-json\/wp\/v2\/pages\/390\/revisions"}],"up":[{"embeddable":true,"href":"https:\/\/www.proxi-sante.org\/molsheim\/wp-json\/wp\/v2\/pages\/19"}],"wp:attachment":[{"href":"https:\/\/www.proxi-sante.org\/molsheim\/wp-json\/wp\/v2\/media?parent=390"}],"curies":[{"name":"wp","href":"https:\/\/api.w.org\/{rel}","templated":true}]}}