{"id":50,"date":"2010-11-25T16:08:50","date_gmt":"2010-11-25T15:08:50","guid":{"rendered":"https:\/\/www.proxi-sante.org\/wass\/?page_id=50"},"modified":"2021-07-12T20:38:52","modified_gmt":"2021-07-12T19:38:52","slug":"hebergement-intermediaire","status":"publish","type":"page","link":"https:\/\/www.proxi-sante.org\/molsheim\/soins\/hebergement-intermediaire\/","title":{"rendered":"Accueil &#8211; H\u00e9bergements"},"content":{"rendered":"<h2>Il existe plusieurs formes d\u2019h\u00e9bergement interm\u00e9diaire pour personnes \u00e2g\u00e9es.<\/h2>\n<p>Il existe diff\u00e9rentes formes d\u2019h\u00e9bergement interm\u00e9diaire pour personnes \u00e2g\u00e9es et\/ou d\u00e9pendantes.<br \/>\nDes r\u00e9ponses adapt\u00e9es \u00e0 chaque situation particuli\u00e8re peuvent \u00eatre trouv\u00e9es \u00e0 proximit\u00e9.<\/p>\n<h1>L\u2019accueil de jour<span class=\"Apple-converted-space\">\u00a0<\/span><\/h1>\n<p>La personne, pr\u00e9sentant des troubles des fonctions sup\u00e9rieures de type maladie d\u2019Alzheimer ou troubles apparent\u00e9s, est prise en charge durant la journ\u00e9e gr\u00e2ce \u00e0 des activit\u00e9s qui l\u2019occupe et la stimule, 2 \u00e0 3 fois par semaine.<span class=\"Apple-converted-space\">\u00a0 <\/span>L\u2019accueil de jour est l\u2019une des principales soupapes permettant \u00e0 la famille de \u00ab <b>souffler<\/b>\u202f\u00bb. Prise en charge\u202f: APA, sauf pour le transport \u00e0 la charge de la famille.<\/p>\n<p><span style=\"color: #3366ff;\"><b><i>\u27a5\u00a0<\/i> <\/b><\/span><b><span style=\"color: #3366ff;\">Maison de retraite SAREPTA<\/span><br \/>\n<\/b>4 rue Luther, 67120 Dorlisheim <span class=\"Apple-converted-space\">\u00a0\u00a0<\/span>a 03 88 47 94 30<br \/>\nCapacit\u00e9 d\u2019accueil : 14 personnes.<\/p>\n<h1>L\u2019h\u00f4pital de jour<span class=\"Apple-converted-space\">\u00a0<\/span><\/h1>\n<h2><b>L\u2019accueil quotidien &#8211; H\u00f4pital de jour<\/b><\/h2>\n<p>Il permet de r\u00e9aliser un bilan ou une \u00e9valuation de troubles de la m\u00e9moire ou de troubles psycho-<br \/>\nlogiques sur prescription m\u00e9dicale. Il comprend une \u00e9quipe pluri-disciplinaire compos\u00e9e de m\u00e9decin, infirmi\u00e8re, aide-soignant, kin\u00e9sith\u00e9rapeute, ergoth\u00e9rapeute, psychologue et travailleur social.<span class=\"Apple-converted-space\">\u00a0 <\/span><br \/>\nPrise en charge : assurance maladie.<\/p>\n<p><strong><i>\u27a5\u00a0<\/i>Molsheim : <\/strong><br \/>\nT\u00e9l. : 03 88 49 71 94 &gt; HdJ<span class=\"Apple-converted-space\">\u00a0 <\/span>g\u00e9riatrique<br \/>\nT\u00e9l. : 03 88 64 46 51 &gt; HdJ<span class=\"Apple-converted-space\">\u00a0 <\/span>SSR<span class=\"Apple-converted-space\"><br \/>\n<\/span>capacit\u00e9 : 10 lits<\/p>\n<h1>Les h\u00e9bergements<span class=\"Apple-converted-space\">\u00a0<\/span><\/h1>\n<h2><b>Les services de moyen s\u00e9jour ou services de soins de suite &#8211; SSR<\/b><\/h2>\n<p><b>L\u2019admission<\/b> dans ce type d\u2019\u00e9tablissement <b>fait suite \u00e0 une hospitalisation \u00ab classique \u00bb<\/b> en court s\u00e9jour, en attendant le retour \u00e0 domicile dans de meilleures conditions, ou peut \u00eatre r\u00e9alis\u00e9e par le m\u00e9decin traitant pour permettre d\u2019entreprendre un bilan de maladie ou garder sous surveillance une personne. Prise en charge : assurance maladie.<\/p>\n<p><span style=\"color: #3366ff;\"><b><i>\u27a5<\/i> <\/b><b>H\u00f4pital de Molsheim<\/b><\/span><span class=\"Apple-converted-space\"><span style=\"color: #3366ff;\">\u00a0 \u00a0<\/span><br \/>\n<\/span>\u00a0 \u00a0 5 cour des Chartreux &#8211; 67120 Molsheim<span class=\"Apple-converted-space\"><br \/>\n<\/span><span class=\"Apple-converted-space\">\u00a0 \u00a0<\/span>Tel.: 03 88 49 70 70<br \/>\n<span class=\"Apple-converted-space\">\u00a0\u00a0 <\/span>Capacit\u00e9 : 30 lits.<\/p>\n<p><span style=\"color: #3366ff;\"><b><i>\u27a5<\/i> Maison de retraite de Rosheim<\/b><span class=\"Apple-converted-space\"><br \/>\n<\/span><\/span>\u00a0 \u00a0 \u00a014 rue du G\u00e9n\u00e9ral de Gaulle 67560 Rosheim<span class=\"Apple-converted-space\"><br \/>\n<\/span>\u00a0 \u00a0 \u00a0T\u00e9l. : 03 88 50 40 50<span class=\"Apple-converted-space\"><br \/>\n<\/span>\u00a0 \u00a0 \u00a0Capacit\u00e9 : 20 lits.<\/p>\n<h2><b>L\u2019h\u00e9bergement temporaire<\/b><\/h2>\n<p>Il constitue \u00e9galement une solution permettant \u00e0 la famille de \u00ab <b>souffler<\/b> \u00bb. La dur\u00e9e du s\u00e9jour est au maximum de 90 jours annuellement, avec une prise en charge possible \u00e0 travers l\u2019APA (v\u00e9rifiez aupr\u00e8s des services du Conseil D\u00e9partemental).<br \/>\n<span style=\"color: #3366ff;\"><b><i>\u27a5<\/i> <\/b><strong>Marlenheim<\/strong><\/span><span class=\"Apple-converted-space\">\u00a0 <\/span>03 88 04 10 10 &#8211; 3 lits<br \/>\n<span style=\"color: #3366ff;\"><b><i>\u27a5<\/i> <\/b><strong>Willgottheim<\/strong><\/span><span class=\"Apple-converted-space\">\u00a0 <\/span>03 88 04 03 33 &#8211; 2 lits<br \/>\n<span style=\"color: #3366ff;\"><b><i>\u27a5<\/i> <\/b><strong>Dorlisheim<\/strong><\/span><span class=\"Apple-converted-space\">\u00a0 <\/span>03 88 47 94 30 &#8211; 7 lits<\/p>\n<h2><b>L\u2019h\u00e9bergement temporaire d\u2019urgence<\/b><\/h2>\n<p>Cette forme d\u2019h\u00e9bergement constitue une v\u00e9ritable <b>solution face aux impr\u00e9vus<\/b> ! Il r\u00e9pond \u00e0 une situation d\u2019urgence ou de crise pour l\u2019aidant ou l\u2019aid\u00e9.<\/p>\n<p><span style=\"color: #3366ff;\"><b><i>\u27a5\u00a0<\/i><\/b><strong>H\u00f4pital de Bouxwiller<\/strong> <\/span>: 1 place<\/p>\n<p><span style=\"color: #3366ff;\"><b><i>\u27a5\u00a0<\/i><\/b><strong>EHPAD de Strasbourg<\/strong><\/span> &#8211; Cronenbourg<\/p>\n<p><span style=\"color: #3366ff;\"><b><i>\u27a5\u00a0<\/i><\/b><strong>Maison Bethlehem, Clair S\u00e9jour<\/strong> <\/span>&#8211; 1 place<\/p>\n<p><span style=\"color: #3366ff;\"><b><i>\u27a5\u00a0<\/i><\/b><strong>EHPAD R\u00e9sidence du Parc de Lingolsheim<\/strong><\/span> : 1 place<\/p>\n<h2><b>L\u2019h\u00e9bergement d\u00e9finitif : EHPAD et USLD<\/b><\/h2>\n<p>EHPAD est une autre appellation pour les maisons de retraite. Concerne les personnes de plus de 60 ans. Lorsque la personne de plus de 60 ans pr\u00e9sente une certaine d\u00e9pendance (d\u00e9termin\u00e9e par la grille AGGIR \u2013 voir la rubrique APA), elle r\u00e9side en EHPAD dont par ex. les unit\u00e9s Alzheimer. Lorsque la personne a perdu son autonomie et dont l\u2019\u00e9tat n\u00e9cessite une surveillance et des soins m\u00e9dicaux constants, elle r\u00e9side dans une unit\u00e9 de soins m\u00e9dico-techniques importants SMTI (USLD). Prise en charge : APA.<span class=\"Apple-converted-space\"><br \/>\n<\/span><b>La demande d\u2019admission <\/b>se fait en remplissant un dossier sur Trajectoire <b>avec l\u2019aide de votre m\u00e9decin traitant<\/b> qui remplit le certificat m\u00e9dical en ligne :\u00a0<b>www.viatrajectoire.fr<span class=\"Apple-converted-space\"><br \/>\n<\/span><\/b><\/p>\n<p><b>ViaTrajectoire<\/b> est un service public, gratuit et s\u00e9curis\u00e9, qui propose une aide \u00e0 l\u2019orientation personnalis\u00e9e. Les domaines couverts actuellement sont les Soins de Suite et de R\u00e9adaptation, les Unit\u00e9s de Soins Palliatifs, l\u2019Hospitalisation \u00e0 Domicile, les Unit\u00e9s de Soins de Longue Dur\u00e9e, les structures d\u2019h\u00e9bergement pour personnes \u00e2g\u00e9es ainsi que les services et structures destin\u00e9s aux personnes en situation de handicap.<\/p>\n<p><b><span class=\"Apple-converted-space\">\u00a0<\/span><\/b><\/p>\n<p><b><span style=\"color: #3366ff;\"><i>\u27a5<\/i><\/span> <\/b><span style=\"color: #3366ff;\"><b>Maison de retraite Marie Roberta<br \/>\n<\/b><\/span>\u00a0 \u00a0 4 rue de l\u2019H\u00f4pital &#8211; 67870 Bischoffsheim<br \/>\n<span class=\"Apple-converted-space\">\u00a0 \u00a0\u00a0<\/span>T\u00e9l. : \u00a003 88 50 41 13 &#8211; Capacit\u00e9 : 44 lits<\/p>\n<p><b><span style=\"color: #3366ff;\"><i>\u27a5<\/i><\/span> <\/b><span style=\"color: #3366ff;\"><b>Maison de retraite SAREPTA.<br \/>\n<\/b><\/span>\u00a0 \u00a0 4 rue Luther, 67120 Dorlisheim<span class=\"Apple-converted-space\"><br \/>\n<\/span><span class=\"Apple-converted-space\">\u00a0 \u00a0\u00a0<\/span>T\u00e9l. : 03 88 47 94 30 &#8211; Capacit\u00e9 : 93 lits<span class=\"Apple-converted-space\"><br \/>\n<\/span>\u00a0 \u00a0 \u00a0dont 1 lit en h\u00e9bergement temporaire<\/p>\n<p><b><span style=\"color: #3366ff;\"><i>\u27a5<\/i> H\u00f4pital de Molsheim Centre.<br \/>\n<\/span><\/b>\u00a0 \u00a05 cour des Chartreux, 67120 Molsheim<span class=\"Apple-converted-space\"><br \/>\n<\/span><span class=\"Apple-converted-space\">\u00a0 \u00a0<\/span>T\u00e9l. : 03 88 49 70 70 &#8211;<span class=\"Apple-converted-space\">\u00a0 <\/span>Capacit\u00e9 : 101 lits<br \/>\nLong S\u00e9jour : 30 lits<\/p>\n<p><b><span style=\"color: #3366ff;\"><i>\u27a5<\/i> Maison de retraite du Krummbruechel<span class=\"Apple-converted-space\"><br \/>\n<\/span><\/span><\/b>\u00a0 \u00a0 \u00a051 rue de Dachstein 67120 Molsheim<br \/>\n<span class=\"Apple-converted-space\">\u00a0 \u00a0 \u00a0<\/span>T\u00e9l. : \u00a003 88 49 77 30 &#8211; Capacit\u00e9 : 44 lits.<\/p>\n<p><b><span style=\"color: #3366ff;\"><i>\u27a5\u00a0<\/i>Maison de retraite Marquaire de Mutzig<\/span><\/b><span class=\"Apple-converted-space\" style=\"color: #3366ff;\"><br \/>\n<\/span>\u00a0 \u00a0 7 rue de l\u2019h\u00f4pital, 67190 Mutzig<br \/>\n<span class=\"Apple-converted-space\">\u00a0 \u00a0 T\u00e9l. :<\/span>\u00a003 88 38 13 76 &#8211; Capacit\u00e9 : 86 lits<\/p>\n<p><b><span style=\"color: #3366ff;\"><i>\u27a5<span style=\"color: #3366ff;\">\u00a0<\/span><\/i>Maison de retraite de Rosheim<\/span><\/b><span class=\"Apple-converted-space\" style=\"color: #3366ff;\"><br \/>\n<\/span>\u00a0 \u00a014 rue du G\u00e9n\u00e9ral de Gaulle 67560 Rosheim<span class=\"Apple-converted-space\"><br \/>\n<\/span><span class=\"Apple-converted-space\">\u00a0 \u00a0\u00a0<\/span>T\u00e9l. : \u00a003 88 50 40 50 &#8211; Capacit\u00e9 : 90 lits<\/p>\n<p><b><span style=\"color: #3366ff;\"><i>\u27a5\u00a0<\/i>SMTI**<span class=\"Apple-converted-space\">\u00a0 <\/span>Molsheim Centre<br \/>\n<\/span><\/b>\u00a0 \u00a0T\u00e9l. : \u00a0 03 88 49 70 85 &#8211; Capacit\u00e9 : 30 lits<\/p>\n<p>* <strong>EHPAD<\/strong> : Etablissement d\u2019H\u00e9bergement pour Personnes Ag\u00e9es D\u00e9pendantes<br \/>\n** <strong>SMTI<\/strong> : unit\u00e9 de Soins M\u00e9dico-Techniques Importants<\/p>\n<h1>Les unit\u00e9s\u00a0Alzheimer<span class=\"Apple-converted-space\">\u00a0<\/span><\/h1>\n<p><b>Accueil en unit\u00e9 prot\u00e9g\u00e9e au sein d\u2019un EHPAD<\/b> de personnes souffrant de maladie d\u2019Alzheimer ou maladies apparent\u00e9es.<span class=\"Apple-converted-space\">\u00a0<\/span><\/p>\n<p><b><span style=\"color: #3366ff;\"><i>\u27a5\u00a0<\/i><\/span> <\/b><span style=\"color: #3366ff;\"><b>Maison de retraite Marquaire de Mutzig<\/b><\/span><span class=\"Apple-converted-space\"><br \/>\n<\/span><span class=\"Apple-converted-space\">\u00a0 \u00a0 \u00a0<\/span>7 rue de l\u2019h\u00f4pital, 67190 Mutzig<br \/>\n<span class=\"Apple-converted-space\">\u00a0 \u00a0 \u00a0T\u00e9l. :<\/span>\u00a003 88 38 13 76 &#8211; Capacit\u00e9 : 16 lits.<span class=\"Apple-converted-space\">\u00a0<\/span><\/p>\n<p><b><span style=\"color: #3366ff;\"><i>\u27a5<span style=\"color: #3366ff;\">\u00a0<\/span><\/i>Maison de retraite SAREPTA<span class=\"Apple-converted-space\"><br \/>\n<\/span><\/span><\/b><span class=\"Apple-converted-space\">\u00a0\u00a0 <\/span>4 rue Luther &#8211; 67120 Dorlisheim<br \/>\n<span class=\"Apple-converted-space\">\u00a0 \u00a0 <\/span>T\u00e9l. : \u00a003 88 47 94 30<br \/>\nCapacit\u00e9 : 24 lits en h\u00e9bergement permanent<span class=\"Apple-converted-space\">\u00a0<\/span>et 6 lits d\u2019h\u00e9bergement temporaire<span class=\"Apple-converted-space\">\u00a0<\/span><\/p>\n<p><b><span style=\"color: #3366ff;\"><i>\u27a5<span style=\"color: #3366ff;\">\u00a0<\/span><\/i>Maison de retraite du Krummbruechel<br \/>\n<\/span><\/b>\u00a0 \u00a0 51 rue de Dachstein &#8211; 67120 Molsheim<br \/>\nT\u00e9l. : 03 88 49 77 30 &#8211; Capacit\u00e9 : 16 lits<\/p>\n<p>&nbsp;<\/p>\n<p>&nbsp;<\/p>\n<div id=\"wkWidgetScriptVersion\"><\/div>\n<div><\/div>\n<div><\/div>\n","protected":false},"excerpt":{"rendered":"<p>Il existe plusieurs formes d\u2019h\u00e9bergement interm\u00e9diaire pour personnes \u00e2g\u00e9es. Il existe diff\u00e9rentes formes d\u2019h\u00e9bergement interm\u00e9diaire pour personnes \u00e2g\u00e9es et\/ou d\u00e9pendantes. Des r\u00e9ponses adapt\u00e9es \u00e0 chaque situation particuli\u00e8re peuvent \u00eatre trouv\u00e9es \u00e0 proximit\u00e9. L\u2019accueil de jour\u00a0 La personne, pr\u00e9sentant des troubles des fonctions sup\u00e9rieures de type maladie d\u2019Alzheimer ou troubles apparent\u00e9s, est prise en charge durant [&hellip;]<\/p>\n","protected":false},"author":1,"featured_media":0,"parent":12,"menu_order":33,"comment_status":"open","ping_status":"closed","template":"","meta":{"_et_pb_use_builder":"","_et_pb_old_content":"","_et_gb_content_width":"","footnotes":""},"class_list":["post-50","page","type-page","status-publish","hentry"],"_links":{"self":[{"href":"https:\/\/www.proxi-sante.org\/molsheim\/wp-json\/wp\/v2\/pages\/50","targetHints":{"allow":["GET"]}}],"collection":[{"href":"https:\/\/www.proxi-sante.org\/molsheim\/wp-json\/wp\/v2\/pages"}],"about":[{"href":"https:\/\/www.proxi-sante.org\/molsheim\/wp-json\/wp\/v2\/types\/page"}],"author":[{"embeddable":true,"href":"https:\/\/www.proxi-sante.org\/molsheim\/wp-json\/wp\/v2\/users\/1"}],"replies":[{"embeddable":true,"href":"https:\/\/www.proxi-sante.org\/molsheim\/wp-json\/wp\/v2\/comments?post=50"}],"version-history":[{"count":0,"href":"https:\/\/www.proxi-sante.org\/molsheim\/wp-json\/wp\/v2\/pages\/50\/revisions"}],"up":[{"embeddable":true,"href":"https:\/\/www.proxi-sante.org\/molsheim\/wp-json\/wp\/v2\/pages\/12"}],"wp:attachment":[{"href":"https:\/\/www.proxi-sante.org\/molsheim\/wp-json\/wp\/v2\/media?parent=50"}],"curies":[{"name":"wp","href":"https:\/\/api.w.org\/{rel}","templated":true}]}}