{"id":63,"date":"2010-11-25T16:19:36","date_gmt":"2010-11-25T16:19:36","guid":{"rendered":"https:\/\/www.proxi-sante.org\/wass\/?page_id=63"},"modified":"2023-10-05T08:01:57","modified_gmt":"2023-10-05T08:01:57","slug":"prestations-handicap","status":"publish","type":"page","link":"https:\/\/www.proxi-sante.org\/wass\/handicap\/prestations-handicap\/","title":{"rendered":"prestations-handicap"},"content":{"rendered":"<h2>Quelles prestation pour les personnes en \u00e9tat de handicap ?<\/h2>\n<h3>la carte mobilit\u00e9 inclusion<\/h3>\n<p><b>la carte mobilit\u00e9 inclusion (CMI) <\/b>remplace progressivement depuis le 1er janvier 2017 les cartes d\u2019invalidit\u00e9, de priorit\u00e9 et de stationnement. Chaque mention port\u00e9e sur la CMI permet au titulaire de la carte de b\u00e9n\u00e9ficier d\u2019un certain nombre de droits ou d\u2019avantages. La mention \u00ab invalidit\u00e9 \u00bb permet notamment d\u2019obtenir une priorit\u00e9 d\u2019acc\u00e8s aux places assises dans les transports en commun, de b\u00e9n\u00e9ficier de divers avantages fiscaux, pour le titulaire de la carte (par exemple, b\u00e9n\u00e9fice, sous conditions, d\u2019une demi-part suppl\u00e9mentaire pour le calcul de l\u2019imp\u00f4t sur le revenu) ou ses proches. La mention \u00ab\u00a0priorit\u00e9\u00a0\u00bb<span class=\"Apple-converted-space\">\u00a0 <\/span>permet d\u2019obtenir une priorit\u00e9 d\u2019acc\u00e8s aux places assises dans les transports en commun, dans les espaces et salles d\u2019attente. La mention \u00ab stationnement pour personnes handicap\u00e9es \u00bb permet \u00e0 son titulaire ou \u00e0 la tierce personne l\u2019accompagnant d\u2019utiliser, \u00e0 titre gratuit et sans limitation de la dur\u00e9e de stationnement, toutes les places de stationnement ouvertes au public.<\/p>\n<h3>Les Garanties de ressources (sous conditions)<\/h3>\n<p>L\u2019allocation aux adultes handicap\u00e9s (AAH) Une prestation qui garantit un revenu minimum.<\/p>\n<h4>La r\u00e9mun\u00e9ration des travailleurs handicap\u00e9s.<\/h4>\n<p>Toute personne en situation de handicap pouvant effectuer un travail en milieu ordinaire, en entreprise adapt\u00e9e (EA) ou en centre de distribution du travail \u00e0 domicile (CDTD) ou en ESAT sera r\u00e9mun\u00e9r\u00e9e : la r\u00e9mun\u00e9ration et son calcul ne sont pas de la comp\u00e9tence de la MDPH.<\/p>\n<h4>Les aides financi\u00e8res destin\u00e9es \u00e0 la compensation du handicap (sous conditions).<\/h4>\n<p><b>L\u2019allocation de l\u2019\u00e9ducation de l\u2019enfant handicap\u00e9 L\u2019AEEH <\/b>est destin\u00e9e \u00e0 compenser les frais suppl\u00e9mentaires li\u00e9s \u00e0 l\u2019\u00e9ducation et aux soins apport\u00e9s \u00e0 un enfant handicap\u00e9.<\/p>\n<p><b>Le fond d\u00e9partemental de compensation des personnes handicap\u00e9es <\/b>intervient en faveur de toute personne adulte en situation de handicap, y compris \u00e2g\u00e9e de plus de 60 ans ou anciennement b\u00e9n\u00e9ficiaire de l\u2019ACTP, actuellement PCH, et peut, sous certaines conditions, contribuer au financement de l\u2019acquisition d\u2019une aide technique, la r\u00e9alisation d\u2019un am\u00e9nagement du v\u00e9hicule. Le financement doit \u00eatre demand\u00e9 avant d\u00e9marrage des travaux.<\/p>\n<h3>La prestation de compensation du handicap (PCH)<\/h3>\n<p>est destin\u00e9e \u00e0 participer au financement des d\u00e9penses li\u00e9es \u00e0 la compensation du handicap selon les besoins : aides humaines, techniques, am\u00e9nagement du logement, au v\u00e9hicule ou aux surco\u00fbts des transports,<span class=\"Apple-converted-space\">\u00a0 <\/span>sp\u00e9cifiques (ex. entretien d\u2019une proth\u00e8se ou d\u2019un fauteuil roulant&#8230;) ou exceptionnelles,<span class=\"Apple-converted-space\">\u00a0 <\/span>(frais de r\u00e9paration d\u2019un lit m\u00e9dicalis\u00e9&#8230;), ou aides animali\u00e8res (chien guide d\u2019aveugle&#8230;).<span class=\"Apple-converted-space\">\u00a0<\/span><\/p>\n<h3>Orientations en milieu ordinaire ou sp\u00e9cialis\u00e9<\/h3>\n<h4>L\u2019orientation scolaire des enfants.<\/h4>\n<p>La Commission des Droits et de l\u2019Autonomie des<br \/>\nPersonnes Handicap\u00e9es &#8211; CDAPH &#8211; peut proposer pour l\u2019enfant une scolarisation ordinaire dans une classe ordinaire, avec ou sans accompagnement d\u2019un auxiliaire de vie scolaire ou au sein d\u2019une classe sp\u00e9cialis\u00e9e. Elle peut \u00eatre compl\u00e9t\u00e9e par l\u2019intervention d\u2019un service d\u2019\u00e9ducation sp\u00e9ciale et de soins \u00e0 domicile. Lorsque la scolarisation n\u2019est plus possible, l\u2019admission dans un institut m\u00e9dico-social peut \u00eatre envisag\u00e9e.<\/p>\n<h4>L\u2019orientation professionnelle des jeunes et adultes.<\/h4>\n<p>La commission &#8211; CDAPH peut proposer une orientation professionnelle en milieu ordinaire ou prot\u00e9g\u00e9 ESAT,<span class=\"Apple-converted-space\">\u00a0 <\/span>une formation professionnelle ou la Reconnaissance de la Qualit\u00e9 de Travailleur Handicap\u00e9 &#8211; RQTH.<\/p>\n<h4>Obtenir le statut de travailleur handicap\u00e9 :<\/h4>\n<p>apr\u00e8s d\u00e9p\u00f4t du dossier aupr\u00e8s de la MDPH, la commission (CDAPH) se prononcera sur la reconnaissance en qualit\u00e9 de travailleur handicap\u00e9.<\/p>\n<p>&nbsp;<\/p>\n<h4>Les orientations en milieu ordinaire ou sp\u00e9cialis\u00e9<\/h4>\n<p><strong>L\u2019orientation scolaire des enfants.<\/strong> La Commission des Droits et de l\u2019Autonomie des Personnes Handicap\u00e9es &#8211; CDAPH &#8211; peut proposer pour l\u2019enfant une scolarisation ordinaire dans une classe ordinaire, avec ou sans accompagnement d\u2019un auxiliaire de vie scolaire ou au sein d\u2019une classe sp\u00e9cialis\u00e9e. Elle peut \u00eatre compl\u00e9t\u00e9e par l\u2019intervention d\u2019un service d\u2019\u00e9ducation sp\u00e9ciale et de soins \u00e0 domicile. Lorsque la scolarisation n\u2019est plus possible, l\u2019admission par un institut m\u00e9dico-social peut \u00eatre envisag\u00e9e.<\/p>\n<p><strong>L\u2019orientation professionnelle des jeunes et adultes.<\/strong> La commission &#8211; CDAPH peut proposer une orientation professionnelle en milieu ordinaire ou prot\u00e9g\u00e9 CAT,\u00a0 une formation professionnelle ou la Reconnaissance de la Qualit\u00e9 de Travailleur Handicap\u00e9 &#8211; RQTH.<br \/>\n<strong><br \/>\nObtenir le statut de travailleur handicap\u00e9 :<\/strong> apr\u00e8s d\u00e9p\u00f4t du dossier aupr\u00e8s de la MDPH, la commission (CDAPH) se prononcera sur la reconnaissance \u00e8s qualit\u00e9 de travailleur handicap\u00e9. Mais l\u2019admission en \u00e9tablissement se fait en fonction des places disponibles \u00e0 la discr\u00e9tion de son responsable.<br \/>\n<strong><br \/>\nL\u2019orientation vers des structures favorisant le maintien \u00e0 domicile.<\/strong> La commission (CDAPH) propose une orientation vers diff\u00e9rentes structures : Le service d\u2019accompagnement \u00e0 la vie sociale ; Le service d\u2019accompagnement m\u00e9dico-social pour adultes handicap\u00e9s ; L\u2019accueil de jour ou l\u2019h\u00e9bergement temporaire.<br \/>\n<strong><br \/>\nL\u2019orientation vers des structures d\u2019h\u00e9bergement.<\/strong> La commission (CDAPH) propose une orientation vers diff\u00e9rentes structures : foyer d\u2019h\u00e9bergement pour travailleur handicap\u00e9 ; Foyer d\u2019accueil sp\u00e9cialis\u00e9 ; Foyer d\u2019accueil m\u00e9dicalis\u00e9\u00a0 ou maison d\u2019accueil sp\u00e9cialis\u00e9e.<\/p>\n<p><strong>L\u2019affiliation gratuite \u00e0 l\u2019assurance vieillesse<\/strong> est d\u00e9livr\u00e9e par la CDAPH \u00e0 la demande des personnes ayant cess\u00e9 ou r\u00e9duit une activit\u00e9 professionnelle pour s\u2019occuper d\u2019un enfant ou d\u2019un adulte handicap\u00e9 au sein du noyau familial. Les conditions de ressource sont examin\u00e9es par la CAF ou la MSA.<\/p>\n<div id=\"wkWidgetScriptVersion\"><\/div>\n<div><\/div>\n<div>\n<h4>L\u2019orientation vers des structures favorisant le maintien \u00e0 domicile<\/h4>\n<p>La commission (CDAPH) propose une orientation vers diff\u00e9rentes structures :<span class=\"Apple-converted-space\">\u00a0 <\/span>le service d\u2019accompagnement \u00e0 la vie sociale (SAVS)\u00a0; le service d\u2019accompagnement m\u00e9dico-social pour adultes handicap\u00e9s (SAMSAH) ;<span class=\"Apple-converted-space\">\u00a0 <\/span>l\u2019accueil temporaire.<\/p>\n<h4>Les services d\u2019accompagnement \u00e0 domicile &#8211; SAVS<\/h4>\n<p>accompagnent les personnes handicap\u00e9es adultes dans leur quotidien de vie \u00e0 domicile. Ces services sont compos\u00e9s de diff\u00e9rents professionnels tels qu\u2019auxiliaire de vie, assistante sociale, conseill\u00e8re en \u00e9conomie familiale et sociale, ergoth\u00e9rapeute, psychologue et \u00e9ducateur sp\u00e9cialis\u00e9&#8230; Ils interviennent dans un cadre d\u2019accompagnement. Am\u00e9nager un logement ou trouver une aide technique,<span class=\"Apple-converted-space\">\u00a0 <\/span>recr\u00e9er une vie sociale, organiser l\u2019aide humaine, g\u00e9rer un budget, remplir un dossier ou effectuer des d\u00e9marches administratives, accomplir les gestes quotidiens\u2026 <span class=\"Apple-converted-space\">\u00a0<\/span><\/p>\n<h4>Les Services d\u2019Accompagnement M\u00e9dico-Social aux Adultes Handicap\u00e9s &#8211; SAMSAH<\/h4>\n<p>Un service \u00e9quivalent, \u00e9largi \u00e0 du personnel m\u00e9dical et param\u00e9dical : infirmi\u00e8res, aides-soignante, aides m\u00e9dico-psychologue, ergoth\u00e9rapeutes ; Ce service coordonne ou dispense des soins quotidiens sous la responsabilit\u00e9 d\u2019un m\u00e9decin. Ces services sont particuli\u00e8rement adapt\u00e9s pour des personnes en<br \/>\nsituation de handicap psychique.<\/p>\n<h4>Accueil temporaire en structure sp\u00e9cialis\u00e9e *<\/h4>\n<p>est une r\u00e9ponse possible \u00e0 un double besoin : permettre \u00e0 la personne atteinte d\u2019un handicap de changer de cadre de vie et accorder des temps de repos aux \u201caidants familiaux\u201d.L\u2019accueil temporaire est limit\u00e9 au maximum \u00e0 90 jours par an, \u00e0 temps complet ou partiel, avec ou sans h\u00e9bergement, y compris en accueil de jour.<span class=\"Apple-converted-space\">\u00a0 <\/span>Il peut \u00eatre organis\u00e9 en mode s\u00e9quentiel, c\u2019est \u00e0 dire par p\u00e9riodes programm\u00e9es sur l\u2019ann\u00e9e.<span class=\"Apple-converted-space\">\u00a0<\/span><\/p>\n<p>* Formulaire fourni par la MDPH, accord\u00e9 en fonction des places disponibles ; Financement accord\u00e9 par la Collectivit\u00e9 Europ\u00e9enne d\u2019Alsace.<\/p>\n<h4>L\u2019orientation vers des structures d\u2019h\u00e9bergement<\/h4>\n<p>La commission (CDAPH) propose une orientation vers diff\u00e9rentes structures\u00a0: foyer d\u2019h\u00e9bergement pour travailleur handicap\u00e9 ; foyer d\u2019accueil sp\u00e9cialis\u00e9\u00a0; foyer d\u2019accueil m\u00e9dicalis\u00e9 ou maison d\u2019accueil<span class=\"Apple-converted-space\">\u00a0 <\/span>sp\u00e9cialis\u00e9e.<span class=\"Apple-converted-space\">\u00a0 <\/span>Dans le Bas-Rhin il existe plusieurs<span class=\"Apple-converted-space\">\u00a0 <\/span>structures de ce type.<\/p>\n<p><b>L\u2019affiliation gratuite \u00e0 l\u2019assurance vieillesse<span class=\"Apple-converted-space\">\u00a0<\/span><\/b><\/p>\n<p>est d\u00e9livr\u00e9e par la CDAPH \u00e0 la demande des personnes ayant cess\u00e9 ou r\u00e9duit une activit\u00e9 professionnelle pour s\u2019occuper d\u2019un enfant ou d\u2019un adulte handicap\u00e9 au sein du noyau familial.<span class=\"Apple-converted-space\">\u00a0 <\/span>Les conditions de ressource sont examin\u00e9es par la CAF ou la MSA.<\/p>\n<h2>D\u2019autres aides existent :<span class=\"Apple-converted-space\">\u00a0<\/span><\/h2>\n<p>La prise en charge des frais de transports scolaires, l\u2019assurance vieillesse des parents.<\/p>\n<p><b>La majoration pour la vie autonome :<span class=\"Apple-converted-space\">\u00a0<\/span><\/b><\/p>\n<p>Elle permet aux personnes en situation de handicap et qui b\u00e9n\u00e9ficient de l\u2019AAH,<span class=\"Apple-converted-space\">\u00a0 <\/span>vivant dans un logement de faire face aux d\u00e9penses que cela implique. Est destin\u00e9e aux personnes recevant une AAH sous certaines conditions ou l\u2019allocation suppl\u00e9mentaire d\u2019invalidit\u00e9.<\/p>\n<p><b>La Majoration pour Tierce Personne &#8211; MTP<span class=\"Apple-converted-space\">\u00a0<\/span><\/b>vient en compl\u00e9ment d\u2019une pension de vieillesse, d\u2019invalidit\u00e9 ou de maladie professionnelles, elle est pay\u00e9e par le dernier r\u00e9gime d\u2019assurance maladie o\u00f9 a \u00e9t\u00e9 inscrite la personne concern\u00e9e. \u00a0<a href=\"www.caf.fr\" target=\"_blank\" rel=\"noopener\"><b>www.caf.fr<\/b> <\/a><span class=\"Apple-converted-space\">\u00a0<\/span><\/p>\n<p>Renseignez-vous aupr\u00e8s de la CPAM <span class=\"Apple-converted-space\">\u00a0<\/span><a href=\"www.ameli.fr\" target=\"_blank\" rel=\"noopener\"><b>www.ameli.fr<\/b><\/a><\/p>\n<\/div>\n","protected":false},"excerpt":{"rendered":"<p>Quelles prestation pour les personnes en \u00e9tat de handicap ? la carte mobilit\u00e9 inclusion la carte mobilit\u00e9 inclusion (CMI) remplace progressivement depuis le 1er janvier 2017 les cartes d\u2019invalidit\u00e9, de priorit\u00e9 et de stationnement. Chaque mention port\u00e9e sur la CMI permet au titulaire de la carte de b\u00e9n\u00e9ficier d\u2019un certain nombre de droits ou d\u2019avantages. [&hellip;]<\/p>\n","protected":false},"author":2,"featured_media":0,"parent":17,"menu_order":43,"comment_status":"open","ping_status":"closed","template":"","meta":{"_et_pb_use_builder":"","_et_pb_old_content":"","_et_gb_content_width":"","footnotes":""},"class_list":["post-63","page","type-page","status-publish","hentry"],"aioseo_notices":[],"_links":{"self":[{"href":"https:\/\/www.proxi-sante.org\/wass\/wp-json\/wp\/v2\/pages\/63","targetHints":{"allow":["GET"]}}],"collection":[{"href":"https:\/\/www.proxi-sante.org\/wass\/wp-json\/wp\/v2\/pages"}],"about":[{"href":"https:\/\/www.proxi-sante.org\/wass\/wp-json\/wp\/v2\/types\/page"}],"author":[{"embeddable":true,"href":"https:\/\/www.proxi-sante.org\/wass\/wp-json\/wp\/v2\/users\/2"}],"replies":[{"embeddable":true,"href":"https:\/\/www.proxi-sante.org\/wass\/wp-json\/wp\/v2\/comments?post=63"}],"version-history":[{"count":0,"href":"https:\/\/www.proxi-sante.org\/wass\/wp-json\/wp\/v2\/pages\/63\/revisions"}],"up":[{"embeddable":true,"href":"https:\/\/www.proxi-sante.org\/wass\/wp-json\/wp\/v2\/pages\/17"}],"wp:attachment":[{"href":"https:\/\/www.proxi-sante.org\/wass\/wp-json\/wp\/v2\/media?parent=63"}],"curies":[{"name":"wp","href":"https:\/\/api.w.org\/{rel}","templated":true}]}}